{"id":9746,"date":"2024-12-09T12:12:25","date_gmt":"2024-12-09T11:12:25","guid":{"rendered":"https:\/\/fvs-stelltsichvor.de\/wordpress\/?page_id=9746"},"modified":"2024-12-09T12:14:37","modified_gmt":"2024-12-09T11:14:37","slug":"niederlaendisch","status":"publish","type":"page","link":"https:\/\/fvs-stelltsichvor.de\/wordpress\/niederlaendisch\/","title":{"rendered":"Niederl\u00e4ndisch"},"content":{"rendered":"\n<p class=\"has-large-font-size\">Niederl\u00e4ndisch<\/p>\n\n\n\n<figure class=\"wp-block-image size-large\"><img loading=\"lazy\" decoding=\"async\" width=\"1024\" height=\"768\" src=\"https:\/\/fvs-stelltsichvor.de\/wordpress\/wp-content\/uploads\/2024\/12\/IMG_3874-1024x768.jpg\" alt=\"\" class=\"wp-image-9751\" srcset=\"https:\/\/fvs-stelltsichvor.de\/wordpress\/wp-content\/uploads\/2024\/12\/IMG_3874-1024x768.jpg 1024w, https:\/\/fvs-stelltsichvor.de\/wordpress\/wp-content\/uploads\/2024\/12\/IMG_3874-300x225.jpg 300w, https:\/\/fvs-stelltsichvor.de\/wordpress\/wp-content\/uploads\/2024\/12\/IMG_3874-768x576.jpg 768w, https:\/\/fvs-stelltsichvor.de\/wordpress\/wp-content\/uploads\/2024\/12\/IMG_3874-1536x1152.jpg 1536w, https:\/\/fvs-stelltsichvor.de\/wordpress\/wp-content\/uploads\/2024\/12\/IMG_3874.jpg 1920w\" sizes=\"auto, (max-width: 1024px) 100vw, 1024px\" \/><figcaption class=\"wp-element-caption\">Die Fachvorsitzende Frau Schule und ihre Stellvertreterin Frau Vehring<\/figcaption><\/figure>\n\n\n\n<p class=\"has-medium-font-size\"><strong>kurze Vorstellung des Fachs:<\/strong><\/p>\n\n\n\n<p>Unsere Schule bietet ab Klasse 7 Niederl\u00e4ndisch als Wahlpflichtfach an. Dabei lernen die Sch\u00fclerinnen und Sch\u00fcler nicht nur die Sprache, sondern auch die Kultur unseres Nachbarlandes kennen. Mit praxisnahen Methoden und spannenden Exkursionen f\u00f6rdern wir das Sprachverst\u00e4ndnis und die Kommunikation. Niederl\u00e4ndisch \u00f6ffnet T\u00fcren im Berufsleben und bei Reisen. Besonders f\u00fcr Sch\u00fcler, die sp\u00e4ter in den Bereichen Wirtschaft, Tourismus oder internationale Beziehungen t\u00e4tig sein m\u00f6chten, ist Niederl\u00e4ndisch von Vorteil. Au\u00dferdem st\u00e4rken wir die interkulturellen Kompetenzen der Sch\u00fclerinnen und Sch\u00fcler und bereiten sie auf m\u00f6gliche Austausche oder Studienaufenthalte in den Niederlanden vor.<\/p>\n\n\n\n<p>Wir freuen uns auf euch!<\/p>\n\n\n\n<p>Mevrouw Schulte und mevrouw Vehring<\/p>\n\n\n\n<p><strong>Zitate:<\/strong><\/p>\n\n\n\n\n\n\n<p><strong>Unser schulinterner Lehrplan:<\/strong><\/p>\n\n\n\n<p><a href=\"https:\/\/fvs-stelltsichvor.de\/wordpress\/wp-content\/uploads\/2024\/12\/Schulinterner-Lehrplan-ab-2024_Klasse7_NL.pdf\">https:\/\/fvs-stelltsichvor.de\/wordpress\/wp-content\/uploads\/2024\/12\/Schulinterner-Lehrplan-ab-2024_Klasse7_NL.pdf<\/a><\/p>\n\n\n\n<p><strong>Linksammlung zum Fach:<\/strong><\/p>\n\n\n\n<p><a href=\"https:\/\/www.uitmuntend.de\">https:\/\/www.uitmuntend.de<\/a><\/p>\n\n\n\n<p>(Kostenloses online W\u00f6rterbuch)<\/p>\n","protected":false},"excerpt":{"rendered":"<p>Niederl\u00e4ndisch kurze Vorstellung des Fachs: Unsere Schule bietet ab Klasse 7 Niederl\u00e4ndisch als Wahlpflichtfach an. Dabei lernen die Sch\u00fclerinnen und Sch\u00fcler nicht nur die Sprache, sondern auch die Kultur unseres Nachbarlandes kennen. Mit praxisnahen Methoden und spannenden Exkursionen f\u00f6rdern wir das Sprachverst\u00e4ndnis und die Kommunikation. Niederl\u00e4ndisch \u00f6ffnet T\u00fcren im Berufsleben und bei Reisen. Besonders f\u00fcr [&hellip;]<\/p>\n","protected":false},"author":1,"featured_media":0,"parent":0,"menu_order":0,"comment_status":"closed","ping_status":"closed","template":"","meta":{"footnotes":""},"class_list":["post-9746","page","type-page","status-publish","hentry"],"_links":{"self":[{"href":"https:\/\/fvs-stelltsichvor.de\/wordpress\/wp-json\/wp\/v2\/pages\/9746","targetHints":{"allow":["GET"]}}],"collection":[{"href":"https:\/\/fvs-stelltsichvor.de\/wordpress\/wp-json\/wp\/v2\/pages"}],"about":[{"href":"https:\/\/fvs-stelltsichvor.de\/wordpress\/wp-json\/wp\/v2\/types\/page"}],"author":[{"embeddable":true,"href":"https:\/\/fvs-stelltsichvor.de\/wordpress\/wp-json\/wp\/v2\/users\/1"}],"replies":[{"embeddable":true,"href":"https:\/\/fvs-stelltsichvor.de\/wordpress\/wp-json\/wp\/v2\/comments?post=9746"}],"version-history":[{"count":2,"href":"https:\/\/fvs-stelltsichvor.de\/wordpress\/wp-json\/wp\/v2\/pages\/9746\/revisions"}],"predecessor-version":[{"id":9752,"href":"https:\/\/fvs-stelltsichvor.de\/wordpress\/wp-json\/wp\/v2\/pages\/9746\/revisions\/9752"}],"wp:attachment":[{"href":"https:\/\/fvs-stelltsichvor.de\/wordpress\/wp-json\/wp\/v2\/media?parent=9746"}],"curies":[{"name":"wp","href":"https:\/\/api.w.org\/{rel}","templated":true}]}}